{"id":4,"date":"2014-05-19T13:50:13","date_gmt":"2014-05-19T13:50:13","guid":{"rendered":"http:\/\/sjuridico.zeus.umh.es\/presentacion\/"},"modified":"2026-02-19T14:43:54","modified_gmt":"2026-02-19T13:43:54","slug":"presentacion","status":"publish","type":"page","link":"https:\/\/sjuridico.umh.es\/ca\/presentacion\/","title":{"rendered":"Presentaci\u00f3n"},"content":{"rendered":"<p><strong><span dir=\"auto\" style=\"vertical-align: inherit\"><span dir=\"auto\" style=\"vertical-align: inherit\">OBJECTIU I MISSI\u00d3<\/span><\/span><\/strong><\/p>\n<p><span dir=\"auto\" style=\"vertical-align: inherit\"><span dir=\"auto\" style=\"vertical-align: inherit\">El\u00a0 <\/span><\/span><strong><span dir=\"auto\" style=\"vertical-align: inherit\"><span dir=\"auto\" style=\"vertical-align: inherit\">Servei Jur\u00eddic<\/span><\/span><\/strong><span dir=\"auto\" style=\"vertical-align: inherit\"><span dir=\"auto\" style=\"vertical-align: inherit\"> t\u00e9 com a missi\u00f3 l&#8217;assessorament jur\u00eddic al Rector, Secret\u00e0ria General, Gerent i Vicerectorats, aix\u00ed com la representaci\u00f3 i defensa dels interessos de la Universitat davant de qualsevol Administraci\u00f3 P\u00fablica de l&#8217;ordre administratiu, governatiu o judicial, entitat jur\u00eddica o persona f\u00edsica quan sigui sol\u00b7licitat.<\/span><\/span><\/p>\n<p><b><span dir=\"auto\" style=\"vertical-align: inherit\"><span dir=\"auto\" style=\"vertical-align: inherit\">FUNCIONS\u00a0<\/span><\/span><\/b><\/p>\n<ol>\n<li><strong><span dir=\"auto\" style=\"vertical-align: inherit\"><span dir=\"auto\" style=\"vertical-align: inherit\">Funcions consultives i d&#8217;assessorament en les mat\u00e8ries seg\u00fcents<\/span><\/span><\/strong><span dir=\"auto\" style=\"vertical-align: inherit\"><span dir=\"auto\" style=\"vertical-align: inherit\"> :<\/span><\/span>\n<ul>\n<li><strong><span dir=\"auto\" style=\"vertical-align: inherit\"><span dir=\"auto\" style=\"vertical-align: inherit\">En mat\u00e8ria de contractaci\u00f3 administrativa:<\/span><\/span><\/strong>\n<ul>\n<li><span dir=\"auto\" style=\"vertical-align: inherit\"><span dir=\"auto\" style=\"vertical-align: inherit\">Informar els plecs de cl\u00e0usules administratives dels contractes subjectes al dret administratiu.<\/span><\/span><\/li>\n<li><span dir=\"auto\" style=\"vertical-align: inherit\"><span dir=\"auto\" style=\"vertical-align: inherit\">Elaborar aquells altres informes que siguin preceptius per la normativa de contractaci\u00f3 administrativa.<\/span><\/span><\/li>\n<li><span dir=\"auto\" style=\"vertical-align: inherit\"><span dir=\"auto\" style=\"vertical-align: inherit\">L&#8217;assessorament jur\u00eddic a l&#8217;\u00f2rgan de contractaci\u00f3, aix\u00ed com l&#8217;assist\u00e8ncia a les meses de contractaci\u00f3.<\/span><\/span><\/li>\n<li><span dir=\"auto\" style=\"vertical-align: inherit\"><span dir=\"auto\" style=\"vertical-align: inherit\">La realitzaci\u00f3 dels bastantes de poders sol\u00b7licitats a fi de la licitaci\u00f3 en expedients de contractaci\u00f3.<\/span><\/span><\/li>\n<li><span dir=\"auto\" style=\"vertical-align: inherit\"><span dir=\"auto\" style=\"vertical-align: inherit\">La direcci\u00f3, control i gesti\u00f3 del Registre de Licitadors de la UMH.<\/span><\/span><\/li>\n<li><span dir=\"auto\" style=\"vertical-align: inherit\"><span dir=\"auto\" style=\"vertical-align: inherit\">La tramitaci\u00f3 dels recursos especials en mat\u00e8ria de contractaci\u00f3 que s&#8217;hi interposin.<\/span><\/span><\/li>\n<li><span dir=\"auto\" style=\"vertical-align: inherit\"><span dir=\"auto\" style=\"vertical-align: inherit\">Qualsevol altra actuaci\u00f3 que sigui sol\u00b7licitada en aquest \u00e0mbit.<\/span><\/span><\/li>\n<\/ul>\n<\/li>\n<li><strong><span dir=\"auto\" style=\"vertical-align: inherit\"><span dir=\"auto\" style=\"vertical-align: inherit\">En mat\u00e8ria urban\u00edstica i d&#8217;infraestructures de la UMH<\/span><\/span><\/strong><span dir=\"auto\" style=\"vertical-align: inherit\"><span dir=\"auto\" style=\"vertical-align: inherit\"> :<\/span><\/span>\n<ul>\n<li><span dir=\"auto\" style=\"vertical-align: inherit\"><span dir=\"auto\" style=\"vertical-align: inherit\">Les actuacions sobre planejament, gesti\u00f3 i disciplina urban\u00edstica, llic\u00e8ncies i impostos derivats de la construcci\u00f3 o de lactivitat pr\u00f2pia de la UMH.<\/span><\/span><\/li>\n<li><span dir=\"auto\" style=\"vertical-align: inherit\"><span dir=\"auto\" style=\"vertical-align: inherit\">L&#8217;assessorament, el control, la gesti\u00f3 i la tramitaci\u00f3 dels interessos de la Universitat davant l&#8217;Administraci\u00f3 estatal, auton\u00f2mica o local.<\/span><\/span><\/li>\n<li><span dir=\"auto\" style=\"vertical-align: inherit\"><span dir=\"auto\" style=\"vertical-align: inherit\">La tramitaci\u00f3 jur\u00eddica de la propietat del s\u00f2l, la seva gesti\u00f3 i inscripci\u00f3 al Cadastre i en registres pertinents i la Declaraci\u00f3 d&#8217;Obra Nova dels edificis de la UMH.<\/span><\/span><\/li>\n<li><span dir=\"auto\" style=\"vertical-align: inherit\"><span dir=\"auto\" style=\"vertical-align: inherit\">La tramitaci\u00f3 dels expedients de danys a la construcci\u00f3.<\/span><\/span><\/li>\n<li><span dir=\"auto\" style=\"vertical-align: inherit\"><span dir=\"auto\" style=\"vertical-align: inherit\">Qualsevol altra actuaci\u00f3 que sigui sol\u00b7licitada en aquest \u00e0mbit, i\/o requeriments dentitats i organismes p\u00fablics, relacionat amb les infraestructures de la Universitat i l\u00e0mbit urban\u00edstic en general.<\/span><\/span><\/li>\n<\/ul>\n<\/li>\n<li><strong><span dir=\"auto\" style=\"vertical-align: inherit\"><span dir=\"auto\" style=\"vertical-align: inherit\">Actes de disposici\u00f3 del patrimoni universitari.<\/span><\/span><\/strong><\/li>\n<li><strong><span dir=\"auto\" style=\"vertical-align: inherit\"><span dir=\"auto\" style=\"vertical-align: inherit\">En mat\u00e8ries compet\u00e8ncia de la Secret\u00e0ria General:<\/span><\/span><br \/>\n<\/strong><\/p>\n<ul>\n<li><span dir=\"auto\" style=\"vertical-align: inherit\"><span dir=\"auto\" style=\"vertical-align: inherit\">Assessorament i suport jur\u00eddic a la secret\u00e0ria general en aquelles mat\u00e8ries de la seva compet\u00e8ncia.<\/span><\/span><\/li>\n<li><span dir=\"auto\" style=\"vertical-align: inherit\"><span dir=\"auto\" style=\"vertical-align: inherit\">Assessorament, seguiment i control de les Empreses de Base Tecnol\u00f2gica.<\/span><\/span><\/li>\n<li><span dir=\"auto\" style=\"vertical-align: inherit\"><span dir=\"auto\" style=\"vertical-align: inherit\">Acords amb entitats p\u00fabliques o privades.<\/span><\/span><\/li>\n<li><span dir=\"auto\" style=\"vertical-align: inherit\"><span dir=\"auto\" style=\"vertical-align: inherit\">Administraci\u00f3 electr\u00f2nica.<\/span><\/span><\/li>\n<li><span dir=\"auto\" style=\"vertical-align: inherit\"><span dir=\"auto\" style=\"vertical-align: inherit\">La realitzaci\u00f3 davant l&#8217;Ag\u00e8ncia Espanyola de Protecci\u00f3 de Dades dels tr\u00e0mits de legalitzaci\u00f3 dels tractaments de dades de car\u00e0cter personal realitzats a la UMH.<\/span><\/span><\/li>\n<li><span dir=\"auto\" style=\"vertical-align: inherit\"><span dir=\"auto\" style=\"vertical-align: inherit\">Resolucions Rectorals.<\/span><\/span><\/li>\n<\/ul>\n<\/li>\n<li><strong><span dir=\"auto\" style=\"vertical-align: inherit\"><span dir=\"auto\" style=\"vertical-align: inherit\">Control de Legalitat<\/span><\/span><\/strong><\/li>\n<\/ul>\n<\/li>\n<li><strong><span dir=\"auto\" style=\"vertical-align: inherit\"><span dir=\"auto\" style=\"vertical-align: inherit\">Informes en aquells assumptes que siguin preceptius per disposici\u00f3 legal, o b\u00e9 perqu\u00e8 els \u00f2rgans de govern ho considerin necessari.<\/span><\/span><\/strong><\/li>\n<li><strong><span dir=\"auto\" style=\"vertical-align: inherit\"><span dir=\"auto\" style=\"vertical-align: inherit\">Representaci\u00f3 i defensa dels interessos de la Universitat davant de qualsevol Administraci\u00f3 P\u00fablica de l&#8217;ordre administratiu, governatiu o judicial, entitat jur\u00eddica o persona f\u00edsica quan sigui sol\u00b7licitat.<\/span><\/span><\/strong><\/li>\n<\/ol>\n<p>&nbsp;<\/p>","protected":false},"excerpt":{"rendered":"<p>P\u00e1gina de presentaci\u00f3n de la unidad organizativa<\/p>\n","protected":false},"author":1,"featured_media":0,"parent":0,"menu_order":0,"comment_status":"closed","ping_status":"open","template":"","meta":{"_links_to":"","_links_to_target":""},"_links":{"self":[{"href":"https:\/\/sjuridico.umh.es\/ca\/wp-json\/wp\/v2\/pages\/4"}],"collection":[{"href":"https:\/\/sjuridico.umh.es\/ca\/wp-json\/wp\/v2\/pages"}],"about":[{"href":"https:\/\/sjuridico.umh.es\/ca\/wp-json\/wp\/v2\/types\/page"}],"author":[{"embeddable":true,"href":"https:\/\/sjuridico.umh.es\/ca\/wp-json\/wp\/v2\/users\/1"}],"replies":[{"embeddable":true,"href":"https:\/\/sjuridico.umh.es\/ca\/wp-json\/wp\/v2\/comments?post=4"}],"version-history":[{"count":0,"href":"https:\/\/sjuridico.umh.es\/ca\/wp-json\/wp\/v2\/pages\/4\/revisions"}],"wp:attachment":[{"href":"https:\/\/sjuridico.umh.es\/ca\/wp-json\/wp\/v2\/media?parent=4"}],"curies":[{"name":"wp","href":"https:\/\/api.w.org\/{rel}","templated":true}]}}